{"id":208,"date":"2017-01-08T11:11:12","date_gmt":"2017-01-08T10:11:12","guid":{"rendered":"http:\/\/nuanceblog.nuancecreation.fr\/?page_id=208"},"modified":"2017-02-03T17:13:33","modified_gmt":"2017-02-03T16:13:33","slug":"expo-test","status":"publish","type":"page","link":"http:\/\/nuanceblog.nuancecreation.fr\/?page_id=208","title":{"rendered":"Expos"},"content":{"rendered":"<p style=\"text-align: justify;\">Chaque ann\u00e9e, nous organisons dans des lieux de prestige, ou de charme, une exposition d\u2019ART FLORAL th\u00e9matique.<br \/>\nLa 1\u00e8re, que vous d\u00e9couvrirez dans la galerie, avait pour th\u00e8me l\u2019AFRIQUE. C\u2019\u00e9tait en 1996 !<\/p>\n<p style=\"text-align: justify;\">Tous les \u00e9l\u00e8ves sont bien \u00e9videmment \u00abpartie prenante\u00bb mais ceci sans obligations.<br \/>\nTout se fait en fonction des envies et des disponibilit\u00e9s de chacun.<\/p>\n<p style=\"text-align: justify;\">Ces manifestations permettent de pr\u00e9senter des r\u00e9alisations individuelles et collectives.<\/p>\n<p style=\"text-align: justify;\">Ce travail d\u2019\u00e9quipe est tout \u00e0 fait int\u00e9ressant, il n\u00e9cessite r\u00e9flexion, recherche et pr\u00e9paration.<br \/>\nLa notion d\u2019appartenance \u00e0 un \u00ab Club \u00bb prend ici tout son sens.<\/p>\n<p style=\"text-align: justify;\">A chaque fois le public vient toujours plus nombreux pour appr\u00e9cier le travail des \u00e9l\u00e8ves du \u00abClub\u00bb.<\/p>\n<p style=\"text-align: justify;\">Ces journ\u00e9es artistiques et festives, programm\u00e9es le plus souvent sur un week-end, sont des moments<\/p>\n<p style=\"text-align: justify;\"><span style=\"color: #008000;\"><em><strong>Acc\u00e9dez aux <span style=\"text-decoration: underline;\"><a href=\"http:\/\/nuanceblog.nuancecreation.fr\/?page_id=408\">Galeries <\/a><\/span>par le &#8220;Menu&#8221;<\/strong><\/em><\/span><\/p>\n","protected":false},"excerpt":{"rendered":"<p>Chaque ann\u00e9e, nous organisons dans des lieux de prestige, ou de charme, une exposition d\u2019ART FLORAL th\u00e9matique. La 1\u00e8re, que vous d\u00e9couvrirez dans la galerie, avait pour th\u00e8me l\u2019AFRIQUE. C\u2019\u00e9tait en 1996 ! Tous les \u00e9l\u00e8ves sont bien \u00e9videmment \u00abpartie prenante\u00bb mais ceci sans obligations. Tout se fait en fonction des envies et des disponibilit\u00e9s &hellip; <a href=\"http:\/\/nuanceblog.nuancecreation.fr\/?page_id=208\" class=\"more-link\">Continue reading <span class=\"screen-reader-text\">Expos<\/span> <span class=\"meta-nav\">&rarr;<\/span><\/a><\/p>\n","protected":false},"author":1,"featured_media":180,"parent":0,"menu_order":0,"comment_status":"closed","ping_status":"closed","template":"","meta":[],"_links":{"self":[{"href":"http:\/\/nuanceblog.nuancecreation.fr\/index.php?rest_route=\/wp\/v2\/pages\/208"}],"collection":[{"href":"http:\/\/nuanceblog.nuancecreation.fr\/index.php?rest_route=\/wp\/v2\/pages"}],"about":[{"href":"http:\/\/nuanceblog.nuancecreation.fr\/index.php?rest_route=\/wp\/v2\/types\/page"}],"author":[{"embeddable":true,"href":"http:\/\/nuanceblog.nuancecreation.fr\/index.php?rest_route=\/wp\/v2\/users\/1"}],"replies":[{"embeddable":true,"href":"http:\/\/nuanceblog.nuancecreation.fr\/index.php?rest_route=%2Fwp%2Fv2%2Fcomments&post=208"}],"version-history":[{"count":8,"href":"http:\/\/nuanceblog.nuancecreation.fr\/index.php?rest_route=\/wp\/v2\/pages\/208\/revisions"}],"predecessor-version":[{"id":1174,"href":"http:\/\/nuanceblog.nuancecreation.fr\/index.php?rest_route=\/wp\/v2\/pages\/208\/revisions\/1174"}],"wp:featuredmedia":[{"embeddable":true,"href":"http:\/\/nuanceblog.nuancecreation.fr\/index.php?rest_route=\/wp\/v2\/media\/180"}],"wp:attachment":[{"href":"http:\/\/nuanceblog.nuancecreation.fr\/index.php?rest_route=%2Fwp%2Fv2%2Fmedia&parent=208"}],"curies":[{"name":"wp","href":"https:\/\/api.w.org\/{rel}","templated":true}]}}